{"version":"1.0","provider_name":"f\u00fcvesk\u00f6nyv","provider_url":"https:\/\/fuveskonyv.cafeblog.hu","author_name":"444eli","author_url":"https:\/\/fuveskonyv.cafeblog.hu\/author\/444eli-2-2\/","title":"Buda Ferenc","html":"<p>&nbsp;<\/p><div style=\"font-family: Arial,Helvetica,sans-serif; text-align: center;\"><p><span style=\"font-family: Verdana;\">A\n l\u00e1nyom j\u00f3volt\u00e1b\u00f3l r\u00e9szt vehettem egy v\u00e1rosi vers\u00fcnnepen, ahol a \ngyerekeket k\u00f6sz\u00f6nt\u0151 d\u00edszvend\u00e9g Buda Ferenc Kossuth-d\u00edjas k\u00f6lt\u0151 arr\u00f3l \nbesz\u00e9lt, hogy amikor mintegy ezer \u00e9vvel ezel\u0151tt ide \u00e9rkezt\u00fcnk a \nK\u00e1rp\u00e1t-medenc\u00e9be nagyon j\u00f3l elk\u00fcl\u00f6n\u00edthet\u0151k voltunk az itt \u00e9l\u0151kt\u0151l \nk\u00fcls\u0151nk alapj\u00e1n: manaps\u00e1g m\u00e1r szinte olyanok vagyunk, mint b\u00e1rmely \nszomsz\u00e9dos orsz\u00e1g lak\u00f3i. Ami megk\u00fcl\u00f6nb\u00f6ztet benn\u00fcnket: az a csod\u00e1latosan\n sz\u00e9p magyar nyelv\u00fcnk \u00e9s a dalaink: vigy\u00e1zzunk r\u00e1juk \u00e9s \u00e1poljuk \u0151ket \ngondosan!<\/span><b><span style=\"font-family: Verdana;\"> <\/span><\/b><\/p><p><b><br>\n<\/b><\/p><p class=\"separator\" style=\"clear: both; text-align: center;\"><a href=\"http:\/\/2.bp.blogspot.com\/-5ufoKq3BLWY\/Tfe8fRsnFhI\/AAAAAAAAApI\/x8RVbaIFuH0\/s1600\/versmond%25C3%25B3+006.jpg\" style=\"margin-left: 1em; margin-right: 1em;\"><img src=\"http:\/\/2.bp.blogspot.com\/-5ufoKq3BLWY\/Tfe8fRsnFhI\/AAAAAAAAApI\/x8RVbaIFuH0\/s320\/versmond%25C3%25B3+006.jpg\" border=\"0\" height=\"240\" width=\"320\"><\/a><\/p><p><br><\/p><p><span style=\"font-family: Verdana;\">Tal\u00e1n\n kevesen ismerik a 75 \u00e9ves k\u00f6lt\u0151t, aki Debrecenben sz\u00fcletett, de a 60-s \n\u00e9vekt\u0151l Kecskem\u00e9ten illetve a k\u00f6rny\u00e9k\u00e9n \u00e9l (jelenleg Tiszak\u00e9csk\u00e9n).<\/span><b><span style=\"font-family: Verdana;\"> <\/span><\/b><\/p><p><span style=\"font-family: Verdana;\">\u00c9rdemes keresgetni \u00e9s olvasgatni a verseit!<\/span><\/p><p><br><\/p><p><br><\/p><p class=\"separator\" style=\"clear: both; text-align: center;\"><a href=\"http:\/\/1.bp.blogspot.com\/-iJdX1e4xu58\/Tfe-_RWaBHI\/AAAAAAAAApY\/hYycjbMm8J0\/s1600\/vizcsepp.JPG\" style=\"clear: left; float: left; margin-bottom: 1em; margin-right: 1em;\"><img src=\"http:\/\/1.bp.blogspot.com\/-iJdX1e4xu58\/Tfe-_RWaBHI\/AAAAAAAAApY\/hYycjbMm8J0\/s400\/vizcsepp.JPG\" border=\"0\" height=\"400\" width=\"265\"><\/a><\/p><div style=\"color: #6aa84f;\"><p><font size=\"5\"><b><span style=\"font-family: Verdana;\">Isten szalmasz\u00e1l\u00e1n <\/span><\/b><\/font><\/p><\/div><div style=\"color: #6aa84f;\"><p><br><\/p><\/div><div style=\"color: #6aa84f;\"><p><font size=\"3\"><span style=\"font-family: Verdana;\">G\u00f6mb\u00f6ly\u0171 sziv\u00e1rv\u00e1ny <\/span><\/font><\/p><\/div><div style=\"color: #6aa84f;\"><p><font size=\"3\"><span style=\"font-family: Verdana;\">egykoron val\u00e9k -&nbsp;<\/span><\/font><\/p><\/div><div style=\"color: #6aa84f;\"><p><font size=\"3\"><span style=\"font-family: Verdana;\">Isten szalmasz\u00e1l\u00e1n <\/span><\/font><\/p><\/div><div style=\"color: #6aa84f;\"><p><span style=\"font-family: Verdana;\"> <\/span><\/p><\/div><div style=\"color: #6aa84f;\"><p><font size=\"3\"><span style=\"font-family: Verdana;\">rezg\u0151 bubor\u00e9k.<\/span><\/font><\/p><\/div><\/div><div style=\"color: #6aa84f; font-family: Arial,Helvetica,sans-serif; text-align: center;\"><p><font size=\"3\"><span style=\"font-family: Verdana;\">&nbsp;Majd a f\u00f6ldre hulltam <\/span><\/font><\/p><\/div><div style=\"color: #6aa84f; font-family: Arial,Helvetica,sans-serif; text-align: center;\"><p><font size=\"3\"><span style=\"font-family: Verdana;\">f\u00e9nyl\u0151 mag gyan\u00e1nt, <\/span><\/font><\/p><p><font size=\"3\"><span style=\"font-family: Verdana;\">l\u00e1tni \u00fagy tanultam <\/span><\/font><\/p><p><font size=\"3\"><span style=\"font-family: Verdana;\">t\u0151led, f\u00f6ldany\u00e1nk.<\/span><\/font><\/p><\/div><div style=\"color: #6aa84f; font-family: Arial,Helvetica,sans-serif; text-align: center;\"><p><font size=\"3\"><span style=\"font-family: Verdana;\">M\u00e9gis: egyre marnak <\/span><\/font><\/p><p><font size=\"3\"><span style=\"font-family: Verdana;\">ordas k\u00e9telyek: <\/span><\/font><\/p><p><font size=\"3\"><span style=\"font-family: Verdana;\">\u00e1pol s eltakar? vagy <\/span><\/font><\/p><p><font size=\"3\"><span style=\"font-family: Verdana;\">\u00e9lve eltemet?<\/span><\/font><\/p><\/div><div style=\"color: #6aa84f; font-family: Arial,Helvetica,sans-serif; text-align: center;\"><p><font size=\"3\"><span style=\"font-family: Verdana;\">T\u00e1n ha egyszer <\/span><\/font><\/p><p><font size=\"3\"><span style=\"font-family: Verdana;\">- nemsok\u00e1ra? - <\/span><\/font><\/p><p><font size=\"3\"><span style=\"font-family: Verdana;\">\u00e9n k\u00f6vetkezem, <\/span><\/font><\/p><p><font size=\"3\"><span style=\"font-family: Verdana;\">elm\u00fal\u00e1som \u00e1ra majd a <\/span><\/font><\/p><p><font size=\"3\"><span style=\"font-family: Verdana;\">folytat\u00e1s leszen.<\/span><\/font><\/p><\/div><div style=\"text-align: center;\"><div style=\"color: #6aa84f; font-family: Arial,Helvetica,sans-serif; text-align: right;\"><p><font size=\"3\"><span style=\"font-family: Verdana;\">G\u00f6mbre \u00edrt sziv\u00e1rv\u00e1ny - <\/span><\/font><\/p><\/div><div style=\"color: #6aa84f; font-family: Arial,Helvetica,sans-serif; text-align: right;\"><p><font size=\"3\"><span style=\"font-family: Verdana;\">egykor az val\u00e9k:&nbsp;<\/span><\/font><\/p><\/div><div style=\"color: #6aa84f; font-family: Arial,Helvetica,sans-serif; text-align: right;\"><p><font size=\"3\"><span style=\"font-family: Verdana;\">&nbsp;&nbsp; Isten szalmasz\u00e1l\u00e1n <\/span><\/font><\/p><\/div><div style=\"color: #6aa84f; font-family: Arial,Helvetica,sans-serif; text-align: right;\"><p><span style=\"font-family: Verdana;\"> <\/span><\/p><\/div><div style=\"color: #6aa84f; font-family: Arial,Helvetica,sans-serif; text-align: right;\"><p><font size=\"3\"><span style=\"font-family: Verdana;\">&nbsp;&nbsp;&nbsp;&nbsp;&nbsp;&nbsp;&nbsp;&nbsp;&nbsp;&nbsp;&nbsp;&nbsp;&nbsp;&nbsp;&nbsp;&nbsp;&nbsp;&nbsp;&nbsp;&nbsp;&nbsp;&nbsp;&nbsp;&nbsp;&nbsp;&nbsp;&nbsp;&nbsp;&nbsp;&nbsp;&nbsp;&nbsp;&nbsp;&nbsp;&nbsp;&nbsp;&nbsp;&nbsp;&nbsp;&nbsp;&nbsp;&nbsp;&nbsp;&nbsp;&nbsp;&nbsp;&nbsp;&nbsp;&nbsp;&nbsp;&nbsp;&nbsp;&nbsp;&nbsp;&nbsp;&nbsp;&nbsp;&nbsp;&nbsp;&nbsp;&nbsp;&nbsp;&nbsp;&nbsp;&nbsp;&nbsp;&nbsp; szappanbubor\u00e9k.<\/span><\/font><\/p><\/div><p><br><\/p><p class=\"separator\" style=\"clear: both; text-align: center;\"><a href=\"http:\/\/2.bp.blogspot.com\/-krAmYTSobbw\/Tfe9FRxJDHI\/AAAAAAAAApQ\/Wf1GtIiQaAc\/s1600\/DSC_0787.JPG\" style=\"margin-left: 1em; margin-right: 1em;\"><img src=\"http:\/\/2.bp.blogspot.com\/-krAmYTSobbw\/Tfe9FRxJDHI\/AAAAAAAAApQ\/Wf1GtIiQaAc\/s640\/DSC_0787.JPG\" border=\"0\" height=\"424\" width=\"640\"><\/a><\/p><p><br><\/p><p><font size=\"3\"><br>\n<font size=\"5\"><b style=\"color: #e06666;\"><font face=\"Arial,Helvetica,sans-serif\"><span style=\"font-family: Verdana;\">Ne rejt\u0151zz el...<\/span><\/font><\/b><\/font><\/font><span style=\"font-family: Verdana;\"> <\/span><\/p><div style=\"color: #e06666; font-family: Arial,Helvetica,sans-serif;\"><p><font size=\"5\"><br><span style=\"font-family: Verdana;\">\n<\/span><b><font size=\"3\"><span style=\"font-family: Verdana;\">Ne rejt\u0151zz el, \u00fagyis l\u00e1tlak!<\/span><br><span style=\"font-family: Verdana;\">\nR\u00e1dcsukom a szempill\u00e1mat.<\/span><br><span style=\"font-family: Verdana;\">\nBenn z\u00f6r\u00f6mb\u00f6lsz a sz\u00edvemben,<\/span><br><span style=\"font-family: Verdana;\">\ns elsimulsz a tenyeremben,<\/span><br><span style=\"font-family: Verdana;\">\ns elsimulsz az arcom b\u0151r\u00e9n,<\/span><br><span style=\"font-family: Verdana;\">\nmint vadvizen a ver\u0151f\u00e9ny.<\/span><br><span style=\"font-family: Verdana;\">\nNagyon j\u00f3 vagy, j\u00f3 meleg vagy,<\/span><br><span style=\"font-family: Verdana;\">\nnagyon j\u00f3 \u00edgy, hogy velem vagy.<\/span><br><span style=\"font-family: Verdana;\">\nMindenekben megtal\u00e1llak,<\/span><br><span style=\"font-family: Verdana;\">\ns \u00f6r\u00f6m markol meg, ha l\u00e1tlak.<\/span><br><span style=\"font-family: Verdana;\">\nN\u00e9zz r\u00e1m, sz\u00f3lok a szemednek,<\/span><br><span style=\"font-family: Verdana;\">\nne fuss el, nagyon szeretlek!&nbsp;<\/span><\/font><\/b><\/font><\/p><\/div><div style=\"font-family: Arial,Helvetica,sans-serif;\"><p><br><\/p><\/div><p class=\"separator\" style=\"clear: both; text-align: center;\"><a href=\"http:\/\/3.bp.blogspot.com\/-gYiCHsMn7TY\/Tfe9WO-thkI\/AAAAAAAAApU\/o7VsQKo4emo\/s1600\/DSC_0779.JPG\" style=\"margin-left: 1em; margin-right: 1em;\"><img src=\"http:\/\/3.bp.blogspot.com\/-gYiCHsMn7TY\/Tfe9WO-thkI\/AAAAAAAAApU\/o7VsQKo4emo\/s640\/DSC_0779.JPG\" border=\"0\" height=\"424\" width=\"640\"><\/a><\/p><p><b><font face=\"Verdana,Arial,Helvetica,sans-serif\" size=\"2\"><br>\n<\/font><font color=\"#76a5af\" face=\"Verdana,Arial,Helvetica,sans-serif\" size=\"3\"><span style=\"font-family: Verdana;\">[ID\u0150]<\/span><\/font><\/b><\/p><div style=\"color: #76a5af; font-family: &quot;Helvetica Neue&quot;,Arial,Helvetica,sans-serif;\"><p><b><font size=\"3\"><span style=\"font-family: Verdana;\">I.<\/span><\/font><\/b><\/p><\/div><div style=\"color: #76a5af; font-family: &quot;Helvetica Neue&quot;,Arial,Helvetica,sans-serif;\"><p><b><font size=\"3\"><span style=\"font-family: Verdana;\">R\u00fcgyfakad\u00e1st\u00f3l<\/span><br><span style=\"font-family: Verdana;\">\n\u00e1tnyilallik \u00e9let\u00fcnk<\/span><br><span style=\"font-family: Verdana;\">\nh\u00f3szakad\u00e1sig. <\/span><\/font><\/b><\/p><\/div><div style=\"color: #76a5af; font-family: &quot;Helvetica Neue&quot;,Arial,Helvetica,sans-serif;\"><p><b><font size=\"3\"><span style=\"font-family: Verdana;\">II.<\/span><\/font><\/b><\/p><\/div><div style=\"color: #76a5af; font-family: &quot;Helvetica Neue&quot;,Arial,Helvetica,sans-serif;\"><p><b><font size=\"3\"><span style=\"font-family: Verdana;\">Irgalom n\u00e9lk\u00fcl<\/span><br><span style=\"font-family: Verdana;\">\nleng az inga sz\u00fcntelen<\/span><br><span style=\"font-family: Verdana;\">\noda \u00e9s vissza.<\/span><\/font><\/b><\/p><\/div><div style=\"color: #76a5af; font-family: &quot;Helvetica Neue&quot;,Arial,Helvetica,sans-serif;\"><p><b><font size=\"3\"><span style=\"font-family: Verdana;\">III.<\/span><\/font><\/b><\/p><\/div><div style=\"color: #76a5af; font-family: &quot;Helvetica Neue&quot;,Arial,Helvetica,sans-serif;\"><p><b><font size=\"3\"><span style=\"font-family: Verdana;\">Id\u0151 sodr\u00e1ban<\/span><br><span style=\"font-family: Verdana;\">\nperc-halak iramlanak -<\/span><br><span style=\"font-family: Verdana;\">\nh\u00e1l\u00f3m - se horgom.<\/span><\/font><\/b><\/p><\/div><\/div>","type":"rich"}