{"version":"1.0","provider_name":"f\u00fcvesk\u00f6nyv","provider_url":"https:\/\/fuveskonyv.cafeblog.hu","author_name":"444eli","author_url":"https:\/\/fuveskonyv.cafeblog.hu\/author\/444eli-2-2\/","title":"boldogs\u00e1gdoboz","html":"<P>&nbsp;<\/P>\r\n<P><SPAN style=\"COLOR: windowtext; FONT-FAMILY: Verdana\">El\u0151sz\u00f6r is szeretn\u00e9m elmondani, hogy tal\u00e1ltam egy&nbsp;<\/SPAN><SPAN style=\"COLOR: windowtext; FONT-FAMILY: Verdana\"> <SPAN style=\"FONT-SIZE: 14pt; COLOR: #3366ff; FONT-FAMILY: Verdana; mso-fareast-font-family: 'Times New Roman'; mso-ansi-language: HU; mso-fareast-language: HU; mso-bidi-language: AR-SA\"><STRONG>csodasz\u00e9p blogot<\/STRONG><\/SPAN><SPAN style=\"FONT-SIZE: 12pt; FONT-FAMILY: Verdana; mso-fareast-font-family: 'Times New Roman'; mso-bidi-font-family: 'Times New Roman'; mso-ansi-language: HU; mso-fareast-language: HU; mso-bidi-language: AR-SA\">, <\/SPAN>melynek nem v\u00e9letlen\u00fcl Harm\u00f3nia a neve. \u00c9rdemes ell\u00e1togatni ide,&nbsp;a gy\u00f6ny\u00f6r\u0171 k\u00fcls\u0151 \u00e9rt\u00e9kes tartalommal \u00e9s \u00e9rz\u0151 sz\u00edvvel t\u00e1rsul ezen a meghitt oldalon: <\/SPAN><SPAN style=\"COLOR: purple; FONT-FAMILY: Verdana\"><A href=\"http:\/\/www.mammka.blogspot.com\/\"><SPAN style=\"COLOR: purple\">http:\/\/www.mammka.blogspot.com\/<\/SPAN><\/A> <?xml:namespace prefix = o ns = \"urn:schemas-microsoft-com:office:office\" \/><o:p><\/o:p><\/SPAN><\/P>\r\n<P><SPAN style=\"COLOR: windowtext; FONT-FAMILY: Verdana\">Neki k\u00fcld\u00f6m ezt a fot\u00f3t, mely a Pilisben k\u00e9sz\u00fclt, Dobog\u00f3k\u0151n, ami egy igaz\u00e1n k\u00fcl\u00f6nleges hely.<o:p><\/o:p><\/SPAN><\/P>\r\n<P><o:p><FONT color=#bfa393>&nbsp;<IMG class=blogkep src=\"https:\/\/fuveskonyv.cafeblog.hu\/files\/dobogOukUA.jpg\"><\/FONT><\/o:p><\/P>\r\n<P><o:p><\/o:p><SPAN style=\"COLOR: windowtext; FONT-FAMILY: Verdana\">A Boldogs\u00e1gterv c\u00edm\u0171 k\u00f6nyvb\u0151l szeretn\u00e9k aj\u00e1nlani egy gondolatot \u00e9s egy \u00f6tletet, azoknak k\u00fcl\u00f6n\u00f6sen, akik m\u00e1r el kezdtek rendszerezni-szelekt\u00e1lni ........<o:p><\/o:p><\/SPAN><\/P>\r\n<P><SPAN style=\"FONT-FAMILY: Verdana\"><o:p><FONT color=#bfa393>&nbsp;<\/FONT><\/o:p><\/SPAN><SPAN style=\"COLOR: windowtext; FONT-FAMILY: Verdana\">El\u0151sz\u00f6r a tan\u00e1cs: <o:p><\/o:p><\/SPAN><\/P>\r\n<P><SPAN style=\"COLOR: windowtext; FONT-FAMILY: Verdana\">miel\u0151tt v\u00e9g\u00e9rv\u00e9nyesen sz\u00e1m\u0171zn\u00e9nk a lak\u00e1sb\u00f3l minden f\u00f6l\u00f6slegesnek v\u00e9lt dolgot, fontoljuk meg a k\u00f6vetkez\u0151t: <o:p><\/o:p><\/SPAN><\/P>\r\n<P><SPAN style=\"FONT-FAMILY: Verdana\"><o:p><FONT color=#bfa393>&nbsp;<\/FONT><\/o:p><\/SPAN><STRONG><SPAN style=\"COLOR: #674ea7; FONT-FAMILY: Verdana\">\"Minden h\u00e1zban kell lennie n\u00e9h\u00e1ny kacatos fi\u00f3knak, ahol v\u00e1ratlan dolgokra bukkanhatsz.\" <\/SPAN><\/STRONG><SPAN style=\"FONT-FAMILY: Verdana\"><o:p><\/o:p><\/SPAN><\/P>\r\n<P><SPAN style=\"COLOR: windowtext; FONT-FAMILY: Verdana\">N\u00e1lunk ebb\u0151l b\u0151ven van a pinc\u00e9ben, f\u0151k\u00e9nt pap\u00edr alakban. Az \u00e9let\u00fcnk k\u00fcl\u00f6nb\u00f6z\u0151 tanulm\u00e1nyai \u00e9s munkahelyei ezekr\u0151l a helyekr\u0151l meg\u0151rz\u00f6tt k\u00f6nyvek, jegyzetek alakj\u00e1ban itt halmoz\u00f3dnak. Minden k\u00f6lt\u00f6z\u00e9skor egy adagot kidobok bel\u0151l\u00fck, de m\u00e9g mindig van&nbsp;b\u0151ven...<o:p><\/o:p><\/SPAN><\/P>\r\n<P><SPAN style=\"COLOR: windowtext; FONT-FAMILY: Verdana\"><o:p>&nbsp;<\/o:p><\/SPAN><SPAN style=\"COLOR: windowtext; FONT-FAMILY: Verdana\">Az \u00f6tlet nagyon kedves, neve is van:<o:p><\/o:p><\/SPAN><\/P>\r\n<P><o:p><FONT color=#bfa393>&nbsp;<\/FONT><\/o:p><STRONG><SPAN style=\"FONT-SIZE: 18pt; COLOR: #c27ba0\">BOLDOGS\u00c1GDOBOZ<\/SPAN><\/STRONG><o:p><\/o:p><\/P>\r\n<P><SPAN style=\"COLOR: windowtext; FONT-FAMILY: Verdana\">Azoknak az apr\u00f3 csecsebecs\u00e9knek, amelyekt\u0151l boldog gondolatok \u00e9s eml\u00e9kek t\u00e1madnak.<o:p><\/o:p><\/SPAN><\/P>\r\n<P><SPAN style=\"COLOR: windowtext; FONT-FAMILY: Verdana\">R\u00e1j\u00f6ttem, hogy m\u00e1r van egy ehhez hasonl\u00f3 kis fi\u00f3kos dobozom, el\u0151 is vettem, sz\u00e9pen kipakoltam \u00e9s \u00fajb\u00f3l \u00e1tpakolgattam a tartalm\u00e1t. Hogy miket tal\u00e1ltam? egy r\u00e9gi gy\u00f6ngysor, amit egy r\u00f6plabd\u00e1s csapatt\u00e1rsam k\u00e9sz\u00edtett (m\u00e1r beteg volt ekkor),&nbsp; kb 20 \u00e9ves parf\u00fcm minta Sv\u00e1jcb\u00f3l, pinea magok egy francia tanulm\u00e1ny\u00fatr\u00f3l, borosty\u00e1n szemek egy nyakl\u00e1ncr\u00f3l, amelyet egy \u00e9szt l\u00e1ny adott eml\u00e9kbe egy nemzetk\u00f6zi tov\u00e1bbk\u00e9pz\u00e9sen, egy kark\u00f6t\u0151 egy sz\u00e9p egri kir\u00e1ndul\u00e1s eml\u00e9ke (vajon megvan-e m\u00e9g az a kis d\u00e9l-amerikai eml\u00e9keket \u00e1rul\u00f3 bolt?), egy gy\u00f6ngyb\u0151l f\u0171z\u00f6tt delfin a keresztl\u00e1nyomt\u00f3l, r\u00e9gi med\u00e1lok, angyalk\u00e1k innen-onnan.<o:p><\/o:p><\/SPAN><\/P>\r\n<P><SPAN style=\"COLOR: windowtext; FONT-FAMILY: Verdana\"><o:p>&nbsp;<\/o:p><\/SPAN><\/P>\r\n<P><o:p><FONT color=#bfa393>&nbsp;<IMG class=blogkep src=\"https:\/\/fuveskonyv.cafeblog.hu\/files\/boldogsOegdoboz.jpg\"><\/FONT><\/o:p><\/P>\r\n<P class=separator style=\"MARGIN: 0cm 0cm 0pt; TEXT-ALIGN: center\" align=center><SPAN style=\"COLOR: windowtext; FONT-FAMILY: Verdana\">Nekem nagyon tetszett ez az \u00f6tlet, szerintem mindenkinek<\/SPAN><\/P>\r\n<P class=separator style=\"MARGIN: 0cm 0cm 0pt; TEXT-ALIGN: center\" align=center><SPAN style=\"COLOR: windowtext; FONT-FAMILY: Verdana\">kell hogy legyen egy ilyen doboza. \u00c9rdemes id\u0151t sz\u00e1nni a doboz elk\u00e9sz\u00edt\u00e9s\u00e9re is, \u00e9s a&nbsp; beleval\u00f3k \u00f6sszegy\u0171jt\u00e9s\u00e9re is.<o:p><\/o:p><\/SPAN><\/P>\r\n<P><SPAN style=\"COLOR: windowtext; FONT-FAMILY: Verdana\"><o:p>&nbsp;<\/o:p><\/SPAN><\/P>\r\n<P><SPAN style=\"COLOR: windowtext; FONT-FAMILY: Verdana\">A napokban kint j\u00e1rtunk az alf\u00f6ldi havas puszt\u00e1kon, akkor m\u00e9g a mell\u00e9kutak meglehet\u0151sen vesz\u00e9lyesek voltak, csak a Kecskem\u00e9t k\u00f6rny\u00e9kiek voltak feket\u00e9k. M\u00e9g hideg, borong\u00f3s id\u0151 volt, de h\u00e1rom \u00f3ra fel\u00e9 v\u00e9gre kis\u00fct\u00f6tt a nap:<o:p><\/o:p><\/SPAN><\/P>\r\n<P><SPAN style=\"COLOR: windowtext; FONT-FAMILY: Verdana\"><o:p>&nbsp;<\/o:p><\/SPAN><\/P>\r\n<P><o:p><FONT color=#bfa393>&nbsp;<IMG class=blogkep src=\"https:\/\/fuveskonyv.cafeblog.hu\/files\/szabadszOellOes.jpg\"><\/FONT><\/o:p><\/P>\r\n<P class=separator style=\"MARGIN: 0cm 0cm 0pt; TEXT-ALIGN: center\" align=center><A href=\"http:\/\/4.bp.blogspot.com\/_i88o3ifFDBA\/TSb1AN51zPI\/AAAAAAAAAEg\/I_WjD5nWeW0\/s1600\/szabadsz%25C3%25A1ll%25C3%25A1s.jpg\" imageanchor=\"1\"><?xml:namespace prefix = v ns = \"urn:schemas-microsoft-com:vml\" \/><v:shape id=_x0000_i1027 style=\"WIDTH: 240pt; HEIGHT: 135pt\" o:button=\"t\" href=\"http:\/\/4.bp.blogspot.com\/_i88o3ifFDBA\/TSb1AN51zPI\/AAAAAAAAAEg\/I_WjD5nWeW0\/s1600\/szabadsz%25C3%25A1ll%25C3%25A1s.jpg\" alt=\"\" type=\"#_x0000_t75\"><v:imagedata o:href=\"http:\/\/4.bp.blogspot.com\/_i88o3ifFDBA\/TSb1AN51zPI\/AAAAAAAAAEg\/I_WjD5nWeW0\/s320\/szabadsz%25C3%25A1ll%25C3%25A1s.jpg\" src=\"file:\/\/\/C:DOCUME~1erzsiLOCALS~1Tempmsohtml1&#1;clip_image003.jpg\"><FONT color=#bfa393><\/FONT><\/v:imagedata><\/v:shape><\/A><o:p><\/o:p><\/P>\r\n<P><SPAN style=\"COLOR: windowtext; FONT-FAMILY: Verdana; mso-bidi-font-family: Arial\"><o:p>&nbsp;<\/o:p><\/SPAN><\/P>\r\n<P><\/P>","type":"rich"}